{"id":3120,"date":"2020-08-12T10:58:14","date_gmt":"2020-08-12T08:58:14","guid":{"rendered":"https:\/\/www.liendelavigne.org\/?post_type=event&#038;p=3120"},"modified":"2021-01-11T11:30:15","modified_gmt":"2021-01-11T10:30:15","slug":"journees-annuelles-lien-de-la-vigne-2018","status":"publish","type":"event","link":"https:\/\/www.liendelavigne.org\/fr\/event\/journees-annuelles-lien-de-la-vigne-2018\/","title":{"rendered":"Journ\u00e9es annuelles Lien de la Vigne 2018"},"content":{"rendered":"\n<h3>Pr\u00e9diction, D\u00e9tection et Pr\u00e9vention des Risques en Viticulture : Maladies, Ravageurs et Climat<\/h3>\n\n\n\n<p><\/p>\n\n\n\n<div class=\"wp-block-group\"><div class=\"wp-block-group__inner-container\">\n<h4><strong>Jeudi 12 avril 2018 :<\/strong><\/h4>\n\n\n\n<p><strong>Vision d\u2019ensemble sur la Num\u00e9risation de la fili\u00e8re-vin<\/strong> <strong>:<\/strong> un avant-go\u00fbt <\/p>\n\n\n\n<p><strong>Vision d\u2019ensemble sur la Num\u00e9risation de la fili\u00e8re-vin : un avant-go\u00fbt de la Viticulture de demain.<\/strong><br>James Taylor Mas Num\u00e9rique, Observatoire des Usages, Montpellier<\/p>\n<\/div><\/div>\n\n\n\n<div class=\"wp-block-file\"><a href=\"https:\/\/www.liendelavigne.org\/wp-content\/uploads\/2020\/08\/vision_d_ensemble_numerisation_2_1.pdf\">Document 1<\/a><a href=\"https:\/\/www.liendelavigne.org\/wp-content\/uploads\/2020\/08\/vision_d_ensemble_numerisation_2_1.pdf\" class=\"wp-block-file__button\" download>T\u00e9l\u00e9charger<\/a><\/div>\n\n\n\n<div class=\"wp-block-file\"><a href=\"https:\/\/www.liendelavigne.org\/wp-content\/uploads\/2020\/08\/vision_d_ensemble_numerisation_2_2.pdf\">Document 2<\/a><a href=\"https:\/\/www.liendelavigne.org\/wp-content\/uploads\/2020\/08\/vision_d_ensemble_numerisation_2_2.pdf\" class=\"wp-block-file__button\" download>T\u00e9l\u00e9charger<\/a><\/div>\n\n\n\n<p><em>(Pour raison de volume trop important les vid\u00e9os ont \u00e9t\u00e9 supprim\u00e9es de ces document)<\/em><\/p>\n\n\n\n<h4><strong>V<strong>endredi 13 avril 2018 :<\/strong><\/strong><\/h4>\n\n\n\n<p><strong>Assembl\u00e9e g\u00e9n\u00e9rale de l\u2019association-Rapport financier-Evolution de l\u2019association<\/strong><br>Jean-Pierre M\u00e9gnin Lien de la Vigne<\/p>\n\n\n\n<div class=\"wp-block-file\"><a href=\"https:\/\/www.liendelavigne.org\/wp-content\/uploads\/2020\/08\/0_annee_2018_.pdf\">Document 1<\/a><a href=\"https:\/\/www.liendelavigne.org\/wp-content\/uploads\/2020\/08\/0_annee_2018_.pdf\" class=\"wp-block-file__button\" download>T\u00e9l\u00e9charger<\/a><\/div>\n\n\n\n<div class=\"wp-block-file\"><a href=\"https:\/\/www.liendelavigne.org\/wp-content\/uploads\/2020\/08\/programme_journees_2018.pdf\">Document 2<\/a><a href=\"https:\/\/www.liendelavigne.org\/wp-content\/uploads\/2020\/08\/programme_journees_2018.pdf\" class=\"wp-block-file__button\" download>T\u00e9l\u00e9charger<\/a><\/div>\n\n\n\n<p><strong>CONF\u00c9RENCE ANNUELLE &#8211; Pr\u00e9diction, D\u00e9tection et Pr\u00e9vention des Risques en Viticulture : Maladies, Ravageurs et Climat<\/strong><\/p>\n\n\n\n<p>Bient\u00f4t ici les videos des conf\u00e9rences<\/p>\n\n\n\n<p><strong>Introduction et synth\u00e8se des donn\u00e9es sur l\u2019enqu\u00eate et l\u2019atelier 2017<\/strong><br>Michel Boulay, Lien de la Vigne<\/p>\n\n\n\n<div class=\"wp-block-file\"><a href=\"https:\/\/www.liendelavigne.org\/wp-content\/uploads\/2020\/08\/1_enquete_2017_2018_m_boulay.pdf\">Document<\/a><a href=\"https:\/\/www.liendelavigne.org\/wp-content\/uploads\/2020\/08\/1_enquete_2017_2018_m_boulay.pdf\" class=\"wp-block-file__button\" download>T\u00e9l\u00e9charger<\/a><\/div>\n\n\n\n<h5><strong>1. D\u00e9tection et Cartographie<\/strong><\/h5>\n\n\n\n<p><strong>L\u2019intelligence artificielle pour une analyse rapide, robuste et performante de l\u2019\u00e9tat de sant\u00e9 des vignes.<\/strong><br>Charles Nespoulous (Chouette Vision, France)<\/p>\n\n\n\n<div class=\"wp-block-file\"><a href=\"https:\/\/www.liendelavigne.org\/wp-content\/uploads\/2020\/08\/2_intelligence_artificielle_lien_de_la_vigne.pdf\">Document<\/a><a href=\"https:\/\/www.liendelavigne.org\/wp-content\/uploads\/2020\/08\/2_intelligence_artificielle_lien_de_la_vigne.pdf\" class=\"wp-block-file__button\" download>T\u00e9l\u00e9charger<\/a><\/div>\n\n\n\n<p><strong>Techniques d&rsquo;imagerie pour la d\u00e9tection des maladies de la vigne<\/strong>.<br>Christian Germain (IMS, Bordeaux, France)<\/p>\n\n\n\n<div class=\"wp-block-file\"><a href=\"https:\/\/www.liendelavigne.org\/wp-content\/uploads\/2020\/08\/3_techniques_imagererie_vignes_2018.pdf\">Document<\/a><a href=\"https:\/\/www.liendelavigne.org\/wp-content\/uploads\/2020\/08\/3_techniques_imagererie_vignes_2018.pdf\" class=\"wp-block-file__button\" download>T\u00e9l\u00e9charger<\/a><\/div>\n\n\n\n<p><strong>L\u2019exp\u00e9rience Enogis en Italie<\/strong><br>Steno Fontanari (MPA solution Soc. Coop.. Trentino, Italie)<\/p>\n\n\n\n<div class=\"wp-block-file\"><a href=\"https:\/\/www.liendelavigne.org\/wp-content\/uploads\/2020\/08\/4_enogis.pdf\">Document<\/a><a href=\"https:\/\/www.liendelavigne.org\/wp-content\/uploads\/2020\/08\/4_enogis.pdf\" class=\"wp-block-file__button\" download>T\u00e9l\u00e9charger<\/a><\/div>\n\n\n\n<h5>2. Syst\u00e8mes de Mod\u00e9lisation<\/h5>\n\n\n\n<p><strong>L\u2019approche multi-mod\u00e8le: une \u00e9tape vers un mod\u00e8le unique d\u2019outil d\u2019aide \u00e0 la d\u00e9cision.<\/strong><br>Tito Caffi (Universit\u00e9 de Piacenza, Italie)<\/p>\n\n\n\n<p><strong>Le Syst\u00e8me d\u2019information Epicure de l\u2019IFV : vers une \u00e9valuation des risques \u00e0 l\u2019\u00e9chelle de l\u2019exploitation viticole.<\/strong><br>Marc Raynal (IFV, Bordeaux, France)<\/p>\n\n\n\n<div class=\"wp-block-file\"><a href=\"https:\/\/www.liendelavigne.org\/wp-content\/uploads\/2020\/08\/6_RAYNAL_PTO.pdf\">Document<\/a><a href=\"https:\/\/www.liendelavigne.org\/wp-content\/uploads\/2020\/08\/6_RAYNAL_PTO.pdf\" class=\"wp-block-file__button\" download>T\u00e9l\u00e9charger<\/a><\/div>\n\n\n\n<p><strong>Mod\u00e8le de Pr\u00e9vision des Risques en Allemagne.<\/strong><br>Hanns-Heinz Kassemeyer (Universit\u00e9 de Fribourg, Allemagne)<\/p>\n\n\n\n<div class=\"wp-block-file\"><a href=\"https:\/\/www.liendelavigne.org\/wp-content\/uploads\/2020\/08\/7_2018_Kassemeyer.pdf\">Document<\/a><a href=\"https:\/\/www.liendelavigne.org\/wp-content\/uploads\/2020\/08\/7_2018_Kassemeyer.pdf\" class=\"wp-block-file__button\" download>T\u00e9l\u00e9charger<\/a><\/div>\n\n\n\n<p><strong>Outils et Mod\u00e8les utilis\u00e9s en Australie.<\/strong><br>Gregory Dunn (Plumpton College, Royaume Uni).<\/p>\n\n\n\n<div class=\"wp-block-file\"><a href=\"https:\/\/www.liendelavigne.org\/wp-content\/uploads\/2020\/08\/8_innovations_from_Australia.pdf\">Document<\/a><a href=\"https:\/\/www.liendelavigne.org\/wp-content\/uploads\/2020\/08\/8_innovations_from_Australia.pdf\" class=\"wp-block-file__button\" download>T\u00e9l\u00e9charger<\/a><\/div>\n\n\n\n<p><strong>Outil en d\u00e9veloppement en Italie.<\/strong><br>Ilaria Pertot (Edmund March Fondation, San Michele el Adige, Italie);<\/p>\n\n\n\n<div class=\"wp-block-file\"><a href=\"https:\/\/www.liendelavigne.org\/wp-content\/uploads\/2020\/08\/9_2018_DSS_Pertot_Paris.pdf\">Document<\/a><a href=\"https:\/\/www.liendelavigne.org\/wp-content\/uploads\/2020\/08\/9_2018_DSS_Pertot_Paris.pdf\" class=\"wp-block-file__button\" download>T\u00e9l\u00e9charger<\/a><\/div>\n\n\n\n<p><strong>Exemple d\u2019utilisation des donn\u00e9es, les logiciels du groupe Ertus et Exapta<\/strong><br>Alain Sutre (Processwine, Bordeaux, France)<\/p>\n\n\n\n<div class=\"wp-block-file\"><a href=\"https:\/\/www.liendelavigne.org\/wp-content\/uploads\/2020\/08\/10_EGRP_2018.pdf\">Document<\/a><a href=\"https:\/\/www.liendelavigne.org\/wp-content\/uploads\/2020\/08\/10_EGRP_2018.pdf\" class=\"wp-block-file__button\" download>T\u00e9l\u00e9charger<\/a><\/div>\n\n\n\n<h5>3. Le point de vue des Professionnels<\/h5>\n\n\n\n<p><strong>Application dans le Trentin, Italie \u2013 Le mod\u00e8le PICA, comment traduire les r\u00e9sultats pour les professionnels.<\/strong><br>Carlo De Biasi (Cantina Toblino, Trentino, Italie)<\/p>\n\n\n\n<div class=\"wp-block-file\"><a href=\"https:\/\/www.liendelavigne.org\/wp-content\/uploads\/2020\/08\/12_LdlV_PICA_2018_DeBiasi.pdf\">Document<\/a><a href=\"https:\/\/www.liendelavigne.org\/wp-content\/uploads\/2020\/08\/12_LdlV_PICA_2018_DeBiasi.pdf\" class=\"wp-block-file__button\" download>T\u00e9l\u00e9charger<\/a><\/div>\n\n\n\n<p><strong>Utilisation d\u2019une plateforme num\u00e9rique par l\u2019agronome.<\/strong><br>L. Toninato (Ager SC &#8211; Agricoltura e Ricerca, Milano, Italy)<\/p>\n\n\n\n<div class=\"wp-block-file\"><a href=\"https:\/\/www.liendelavigne.org\/wp-content\/uploads\/2020\/08\/11_VLT_LDV_2018.pdf\">Document<\/a><a href=\"https:\/\/www.liendelavigne.org\/wp-content\/uploads\/2020\/08\/11_VLT_LDV_2018.pdf\" class=\"wp-block-file__button\" download>T\u00e9l\u00e9charger<\/a><\/div>\n\n\n\n<p><strong>Une approche de la r\u00e9duction des intrants phytosanitaires vue sous l\u2019angle \u00e9conomique du risque de pertes de r\u00e9colte.<\/strong><br>Alex Davy, Bordeaux, pr\u00e9sent\u00e9 par Marc Raynal (IFV, Bordeaux, France)<\/p>\n\n\n\n<div class=\"wp-block-file\"><a href=\"https:\/\/www.liendelavigne.org\/wp-content\/uploads\/2020\/08\/13_DAVY_Couts_Phyto.pdf\">Document<\/a><a href=\"https:\/\/www.liendelavigne.org\/wp-content\/uploads\/2020\/08\/13_DAVY_Couts_Phyto.pdf\" class=\"wp-block-file__button\" download>T\u00e9l\u00e9charger<\/a><\/div>\n\n\n\n<h5>4. Nouveaut\u00e9s en recherche<\/h5>\n\n\n\n<p><strong>Le projet europ\u00e9en IOF2020, mise en \u0153uvre d\u2019une plateforme de donn\u00e9es issues de capteurs et mise \u00e0 disposition pour applications et tableaux de bord.<\/strong><br>(CEA, France)<\/p>\n\n\n\n<p><strong>Capture de spores de champignon et identification sur site par amplification isotherme d\u2019ADN induite par boucle (LAMP technique).<\/strong><br>Chris Foss (Plumpton College, UK)<\/p>\n\n\n\n<div class=\"wp-block-file\"><a href=\"https:\/\/www.liendelavigne.org\/wp-content\/uploads\/2020\/08\/15_Fungal_spore_monitoring.pdf\">Document<\/a><a href=\"https:\/\/www.liendelavigne.org\/wp-content\/uploads\/2020\/08\/15_Fungal_spore_monitoring.pdf\" class=\"wp-block-file__button\" download>T\u00e9l\u00e9charger<\/a><\/div>\n\n\n\n<h5><strong>Discussion<\/strong><\/h5>\n\n\n\n<p><strong>Travaux 2018 :<\/strong> Lien de la vigne.<\/p>\n\n\n\n<ul><li>Th\u00e8me 2018-19<\/li><\/ul>\n\n\n\n<div class=\"wp-block-file\"><a href=\"https:\/\/www.liendelavigne.org\/wp-content\/uploads\/2020\/08\/16_Nouveau_theme_2018_19_Boulay_.pdf\">Document<\/a><a href=\"https:\/\/www.liendelavigne.org\/wp-content\/uploads\/2020\/08\/16_Nouveau_theme_2018_19_Boulay_.pdf\" class=\"wp-block-file__button\" download>T\u00e9l\u00e9charger<\/a><\/div>\n\n\n\n<ul><li><strong>Num\u00e9risation du m\u00e9tier : <\/strong>synth\u00e8se et compl\u00e9ment des 3 ann\u00e9es d\u2019\u00e9tudes (2015-2018).<\/li><\/ul>\n\n\n\n<p><\/p>\n","protected":false},"excerpt":{"rendered":"<p>Pr\u00e9diction, D\u00e9tection et Pr\u00e9vention des Risques en Viticulture : Maladies, Ravageurs et Climat (Pour raison de volume trop important les vid\u00e9os ont \u00e9t\u00e9 supprim\u00e9es de ces document) Vendredi 13 avril 2018 : Assembl\u00e9e g\u00e9n\u00e9rale de l\u2019association-Rapport financier-Evolution de l\u2019associationJean-Pierre M\u00e9gnin&#8230;<\/p>\n","protected":false},"author":2,"featured_media":2788,"comment_status":"closed","ping_status":"closed","template":"","meta":{"_bbp_topic_count":0,"_bbp_reply_count":0,"_bbp_total_topic_count":0,"_bbp_total_reply_count":0,"_bbp_voice_count":0,"_bbp_anonymous_reply_count":0,"_bbp_topic_count_hidden":0,"_bbp_reply_count_hidden":0,"_bbp_forum_subforum_count":0},"eventcat":[45],"organizer":[148],"event_tags":[46],"location":[68,101],"yoast_head":"<!-- This site is optimized with the Yoast SEO plugin v15.3 - https:\/\/yoast.com\/wordpress\/plugins\/seo\/ -->\n<title>Journ\u00e9es annuelles Lien de la Vigne 2018 - Lien de la vigne - Vinelink International<\/title>\n<meta name=\"robots\" content=\"index, follow, max-snippet:-1, max-image-preview:large, max-video-preview:-1\" \/>\n<link rel=\"canonical\" href=\"https:\/\/www.liendelavigne.org\/fr\/event\/journees-annuelles-lien-de-la-vigne-2018\/\" \/>\n<meta property=\"og:locale\" content=\"fr_FR\" \/>\n<meta property=\"og:type\" content=\"article\" \/>\n<meta property=\"og:title\" content=\"Journ\u00e9es annuelles Lien de la Vigne 2018 - Lien de la vigne - Vinelink International\" \/>\n<meta property=\"og:description\" content=\"Pr\u00e9diction, D\u00e9tection et Pr\u00e9vention des Risques en Viticulture : Maladies, Ravageurs et Climat (Pour raison de volume trop important les vid\u00e9os ont \u00e9t\u00e9 supprim\u00e9es de ces document) Vendredi 13 avril 2018 : Assembl\u00e9e g\u00e9n\u00e9rale de l\u2019association-Rapport financier-Evolution de l\u2019associationJean-Pierre M\u00e9gnin...\" \/>\n<meta property=\"og:url\" content=\"https:\/\/www.liendelavigne.org\/fr\/event\/journees-annuelles-lien-de-la-vigne-2018\/\" \/>\n<meta property=\"og:site_name\" content=\"Lien de la vigne - Vinelink International\" \/>\n<meta property=\"article:modified_time\" content=\"2021-01-11T10:30:15+00:00\" \/>\n<meta property=\"og:image\" content=\"https:\/\/www.liendelavigne.org\/wp-content\/uploads\/2020\/08\/pexels-pixabay-51947.jpg\" \/>\n\t<meta property=\"og:image:width\" content=\"2200\" \/>\n\t<meta property=\"og:image:height\" content=\"1467\" \/>\n<meta name=\"twitter:card\" content=\"summary_large_image\" \/>\n<meta name=\"twitter:label1\" content=\"\u00c9crit par\">\n\t<meta name=\"twitter:data1\" content=\"Nawaaz\">\n\t<meta name=\"twitter:label2\" content=\"Dur\u00e9e de lecture est.\">\n\t<meta name=\"twitter:data2\" content=\"2 minutes\">\n<script type=\"application\/ld+json\" class=\"yoast-schema-graph\">{\"@context\":\"https:\/\/schema.org\",\"@graph\":[{\"@type\":\"Organization\",\"@id\":\"https:\/\/www.liendelavigne.org\/fr\/#organization\",\"name\":\"Vinelink\",\"url\":\"https:\/\/www.liendelavigne.org\/fr\/\",\"sameAs\":[],\"logo\":{\"@type\":\"ImageObject\",\"@id\":\"https:\/\/www.liendelavigne.org\/fr\/#logo\",\"inLanguage\":\"fr-FR\",\"url\":\"https:\/\/www.liendelavigne.org\/wp-content\/uploads\/2020\/08\/vinelink_logo.png\",\"width\":2550,\"height\":1579,\"caption\":\"Vinelink\"},\"image\":{\"@id\":\"https:\/\/www.liendelavigne.org\/fr\/#logo\"}},{\"@type\":\"WebSite\",\"@id\":\"https:\/\/www.liendelavigne.org\/fr\/#website\",\"url\":\"https:\/\/www.liendelavigne.org\/fr\/\",\"name\":\"Lien de la vigne - Vinelink International\",\"description\":\"Innovations dans la fili\\u00e8re vininternationale\",\"publisher\":{\"@id\":\"https:\/\/www.liendelavigne.org\/fr\/#organization\"},\"potentialAction\":[{\"@type\":\"SearchAction\",\"target\":\"https:\/\/www.liendelavigne.org\/fr\/?s={search_term_string}\",\"query-input\":\"required name=search_term_string\"}],\"inLanguage\":\"fr-FR\"},{\"@type\":\"ImageObject\",\"@id\":\"https:\/\/www.liendelavigne.org\/fr\/event\/journees-annuelles-lien-de-la-vigne-2018\/#primaryimage\",\"inLanguage\":\"fr-FR\",\"url\":\"https:\/\/www.liendelavigne.org\/wp-content\/uploads\/2020\/08\/pexels-pixabay-51947.jpg\",\"width\":2200,\"height\":1467},{\"@type\":\"WebPage\",\"@id\":\"https:\/\/www.liendelavigne.org\/fr\/event\/journees-annuelles-lien-de-la-vigne-2018\/#webpage\",\"url\":\"https:\/\/www.liendelavigne.org\/fr\/event\/journees-annuelles-lien-de-la-vigne-2018\/\",\"name\":\"Journ\\u00e9es annuelles Lien de la Vigne 2018 - Lien de la vigne - Vinelink International\",\"isPartOf\":{\"@id\":\"https:\/\/www.liendelavigne.org\/fr\/#website\"},\"primaryImageOfPage\":{\"@id\":\"https:\/\/www.liendelavigne.org\/fr\/event\/journees-annuelles-lien-de-la-vigne-2018\/#primaryimage\"},\"datePublished\":\"2020-08-12T08:58:14+00:00\",\"dateModified\":\"2021-01-11T10:30:15+00:00\",\"inLanguage\":\"fr-FR\",\"potentialAction\":[{\"@type\":\"ReadAction\",\"target\":[\"https:\/\/www.liendelavigne.org\/fr\/event\/journees-annuelles-lien-de-la-vigne-2018\/\"]}]}]}<\/script>\n<!-- \/ Yoast SEO plugin. -->","_links":{"self":[{"href":"https:\/\/www.liendelavigne.org\/fr\/wp-json\/wp\/v2\/event\/3120"}],"collection":[{"href":"https:\/\/www.liendelavigne.org\/fr\/wp-json\/wp\/v2\/event"}],"about":[{"href":"https:\/\/www.liendelavigne.org\/fr\/wp-json\/wp\/v2\/types\/event"}],"author":[{"embeddable":true,"href":"https:\/\/www.liendelavigne.org\/fr\/wp-json\/wp\/v2\/users\/2"}],"replies":[{"embeddable":true,"href":"https:\/\/www.liendelavigne.org\/fr\/wp-json\/wp\/v2\/comments?post=3120"}],"version-history":[{"count":14,"href":"https:\/\/www.liendelavigne.org\/fr\/wp-json\/wp\/v2\/event\/3120\/revisions"}],"predecessor-version":[{"id":4765,"href":"https:\/\/www.liendelavigne.org\/fr\/wp-json\/wp\/v2\/event\/3120\/revisions\/4765"}],"wp:featuredmedia":[{"embeddable":true,"href":"https:\/\/www.liendelavigne.org\/fr\/wp-json\/wp\/v2\/media\/2788"}],"wp:attachment":[{"href":"https:\/\/www.liendelavigne.org\/fr\/wp-json\/wp\/v2\/media?parent=3120"}],"wp:term":[{"taxonomy":"eventcat","embeddable":true,"href":"https:\/\/www.liendelavigne.org\/fr\/wp-json\/wp\/v2\/eventcat?post=3120"},{"taxonomy":"organizer","embeddable":true,"href":"https:\/\/www.liendelavigne.org\/fr\/wp-json\/wp\/v2\/organizer?post=3120"},{"taxonomy":"event_tags","embeddable":true,"href":"https:\/\/www.liendelavigne.org\/fr\/wp-json\/wp\/v2\/event_tags?post=3120"},{"taxonomy":"location","embeddable":true,"href":"https:\/\/www.liendelavigne.org\/fr\/wp-json\/wp\/v2\/location?post=3120"}],"curies":[{"name":"wp","href":"https:\/\/api.w.org\/{rel}","templated":true}]}}