{"id":3243,"date":"2020-08-12T15:12:41","date_gmt":"2020-08-12T13:12:41","guid":{"rendered":"https:\/\/www.liendelavigne.org\/?post_type=event&#038;p=3243"},"modified":"2020-11-26T16:14:30","modified_gmt":"2020-11-26T15:14:30","slug":"lavenir-de-la-filiere-vin","status":"publish","type":"event","link":"https:\/\/www.liendelavigne.org\/fr\/event\/lavenir-de-la-filiere-vin\/","title":{"rendered":"L\u2019avenir de la fili\u00e8re vin"},"content":{"rendered":"\n<h3>Strat\u00e9gies d\u2019adaptation \u00e0 la nouvelle donne mondiale<\/h3>\n\n\n\n<p>Assembl\u00e9e G\u00e9n\u00e9rale du 12 Mars 2010<\/p>\n\n\n\n<p><strong>Assembl\u00e9e G\u00e9n\u00e9rale 2010<\/strong><\/p>\n\n\n\n<div class=\"wp-block-file\"><a href=\"https:\/\/www.liendelavigne.org\/wp-content\/uploads\/2020\/08\/AG_2010_jp_megnin.pdf\">Diaporama_Document<\/a><a href=\"https:\/\/www.liendelavigne.org\/wp-content\/uploads\/2020\/08\/AG_2010_jp_megnin.pdf\" class=\"wp-block-file__button\" download>T\u00e9l\u00e9charger<\/a><\/div>\n\n\n\n<p><strong>Assembl\u00e9e G\u00e9n\u00e9rale 2010<\/strong><\/p>\n\n\n\n<div class=\"wp-block-file\"><a href=\"https:\/\/www.liendelavigne.org\/wp-content\/uploads\/2020\/08\/Programme2010.pdf\">Document<\/a><a href=\"https:\/\/www.liendelavigne.org\/wp-content\/uploads\/2020\/08\/Programme2010.pdf\" class=\"wp-block-file__button\" download>T\u00e9l\u00e9charger<\/a><\/div>\n\n\n\n<p><strong>Conseil d&rsquo;Administration 2010<\/strong><\/p>\n\n\n\n<div class=\"wp-block-file\"><a href=\"https:\/\/www.liendelavigne.org\/wp-content\/uploads\/2020\/08\/CA_2010_jp_megnin.pdf\">Document<\/a><a href=\"https:\/\/www.liendelavigne.org\/wp-content\/uploads\/2020\/08\/CA_2010_jp_megnin.pdf\" class=\"wp-block-file__button\" download>T\u00e9l\u00e9charger<\/a><\/div>\n\n\n\n<h4>1\u00e8re PARTIE : Principaux param\u00e8tres d\u2019\u00e9volution du m\u00e9tier au cours des prochaines d\u00e9cennies<\/h4>\n\n\n\n<p><strong>PRODUCTION :<\/strong> \u00c9volution pr\u00e9visible des productions viticoles en fonction du changement climatique r\u00e9gional, vari\u00e9t\u00e9s (plasticit\u00e9 des c\u00e9pages \u2018internationaux\u2019,\u00e9volution de l\u2019enc\u00e9pagement),syst\u00e8mes de culture, \u00e9cologie, options \u0153nologiques<\/p>\n\n\n\n<p><strong>&#8211;<\/strong> Alain Carbonneau (Supagro Montpellier,INRA Pech Rouge)<\/p>\n\n\n\n<div class=\"wp-block-file\"><a href=\"https:\/\/www.liendelavigne.org\/wp-content\/uploads\/2020\/08\/CHANGEMENT_CLIMATIQUE_VITI.pdf\">Document<\/a><a href=\"https:\/\/www.liendelavigne.org\/wp-content\/uploads\/2020\/08\/CHANGEMENT_CLIMATIQUE_VITI.pdf\" class=\"wp-block-file__button\" download>T\u00e9l\u00e9charger<\/a><\/div>\n\n\n\n<p><strong>MARCH\u00c9S : <\/strong>\u00c9volution de la consommation, de la distribution, de la concurrence, (surproduction, durabilit\u00e9, augmentation des gammes de produits-vins, ventes par internet, concurrence boissons existantes \u2026)<\/p>\n\n\n\n<p><strong>&#8211; <\/strong>Damien Wilson (\u00c9cole de Commerce de Dijon)<\/p>\n\n\n\n<div class=\"wp-block-file\"><a href=\"https:\/\/www.liendelavigne.org\/wp-content\/uploads\/2020\/08\/Wilson_MARKETS.pdf\">Document<\/a><a href=\"https:\/\/www.liendelavigne.org\/wp-content\/uploads\/2020\/08\/Wilson_MARKETS.pdf\" class=\"wp-block-file__button\" download>T\u00e9l\u00e9charger<\/a><\/div>\n\n\n\n<p><strong>VIN et INTERNET : <\/strong>La r\u00e9volution du marketing et de la communication<\/p>\n\n\n\n<p><strong>&#8211; <\/strong>Michel R\u00e9mondat (Vitisph\u00e8re)<\/p>\n\n\n\n<div class=\"wp-block-file\"><a href=\"https:\/\/www.liendelavigne.org\/wp-content\/uploads\/2020\/08\/Vin_et_Internet.pdf\">Document<\/a><a href=\"https:\/\/www.liendelavigne.org\/wp-content\/uploads\/2020\/08\/Vin_et_Internet.pdf\" class=\"wp-block-file__button\" download>T\u00e9l\u00e9charger<\/a><\/div>\n\n\n\n<h4>2\u00e8mePARTIE : Exemples de strat\u00e9gies potentielles d\u2019adaptation (r\u00e9gions ou marques)<\/h4>\n\n\n\n<h5><strong>R\u00e9ponses technologiques \u00e0 ces \u00e9volutions<\/strong><\/h5>\n\n\n\n<p><strong>&#8211; <\/strong>Jean-Louis Escudier (INRA Pech Rouge)<\/p>\n\n\n\n<div class=\"wp-block-file\"><a href=\"https:\/\/www.liendelavigne.org\/wp-content\/uploads\/2020\/08\/Escudier.pdf\">Document<\/a><a href=\"https:\/\/www.liendelavigne.org\/wp-content\/uploads\/2020\/08\/Escudier.pdf\" class=\"wp-block-file__button\" download>T\u00e9l\u00e9charger<\/a><\/div>\n\n\n\n<h5><strong>R\u00e9ponses potentielles strat\u00e9giques des r\u00e9gions et marques<\/strong><\/h5>\n\n\n\n<p><strong>Mesures d\u2019adaptations potentielles en Champagne<\/strong><br>Dominique Moncomble (Epernay)<\/p>\n\n\n\n<div class=\"wp-block-file\"><a href=\"https:\/\/www.liendelavigne.org\/wp-content\/uploads\/2020\/08\/dominique_moncomble.pdf\">Document<\/a><a href=\"https:\/\/www.liendelavigne.org\/wp-content\/uploads\/2020\/08\/dominique_moncomble.pdf\" class=\"wp-block-file__button\" download>T\u00e9l\u00e9charger<\/a><\/div>\n\n\n\n<p><strong>Adaptations potentielles en Australie<\/strong><br>Peter Hayes et Tony Battaglene<\/p>\n\n\n\n<div class=\"wp-block-file\"><a href=\"https:\/\/www.liendelavigne.org\/wp-content\/uploads\/2020\/08\/Peter_Haiyes.pdf\">Document<\/a><a href=\"https:\/\/www.liendelavigne.org\/wp-content\/uploads\/2020\/08\/Peter_Haiyes.pdf\" class=\"wp-block-file__button\" download>T\u00e9l\u00e9charger<\/a><\/div>\n\n\n\n<p><strong>Adaptations potentielles en Afrique du Sud<\/strong><br>Jan H. Booysen (Winetech)<\/p>\n\n\n\n<div class=\"wp-block-file\"><a href=\"https:\/\/www.liendelavigne.org\/wp-content\/uploads\/2020\/08\/Jan_Booysen.pdf\">Document<\/a><a href=\"https:\/\/www.liendelavigne.org\/wp-content\/uploads\/2020\/08\/Jan_Booysen.pdf\" class=\"wp-block-file__button\" download>T\u00e9l\u00e9charger<\/a><\/div>\n\n\n\n<p><strong>Adaptions potentielles aux U S A<\/strong><br>Pascal Durand (Agrosup Dijon)<\/p>\n\n\n\n<div class=\"wp-block-file\"><a href=\"https:\/\/www.liendelavigne.org\/wp-content\/uploads\/2020\/08\/pascal_durand-.pdf\">Document<\/a><a href=\"https:\/\/www.liendelavigne.org\/wp-content\/uploads\/2020\/08\/pascal_durand-.pdf\" class=\"wp-block-file__button\" download>T\u00e9l\u00e9charger<\/a><\/div>\n\n\n\n<p><strong>Synth\u00e8se internationale<\/strong><br>Yves B\u00e9nard (OIV)<\/p>\n","protected":false},"excerpt":{"rendered":"<p>Strat\u00e9gies d\u2019adaptation \u00e0 la nouvelle donne mondiale Assembl\u00e9e G\u00e9n\u00e9rale du 12 Mars 2010 Assembl\u00e9e G\u00e9n\u00e9rale 2010 Assembl\u00e9e G\u00e9n\u00e9rale 2010 Conseil d&rsquo;Administration 2010 1\u00e8re PARTIE : Principaux param\u00e8tres d\u2019\u00e9volution du m\u00e9tier au cours des prochaines d\u00e9cennies PRODUCTION : \u00c9volution pr\u00e9visible des&#8230;<\/p>\n","protected":false},"author":2,"featured_media":3917,"comment_status":"closed","ping_status":"closed","template":"","meta":{"_bbp_topic_count":0,"_bbp_reply_count":0,"_bbp_total_topic_count":0,"_bbp_total_reply_count":0,"_bbp_voice_count":0,"_bbp_anonymous_reply_count":0,"_bbp_topic_count_hidden":0,"_bbp_reply_count_hidden":0,"_bbp_forum_subforum_count":0},"eventcat":[45],"organizer":[148],"event_tags":[46],"location":[68,101],"yoast_head":"<!-- This site is optimized with the Yoast SEO plugin v15.3 - https:\/\/yoast.com\/wordpress\/plugins\/seo\/ -->\n<title>L\u2019avenir de la fili\u00e8re vin - Lien de la vigne - Vinelink International<\/title>\n<meta name=\"robots\" content=\"index, follow, max-snippet:-1, max-image-preview:large, max-video-preview:-1\" \/>\n<link rel=\"canonical\" href=\"https:\/\/www.liendelavigne.org\/fr\/event\/lavenir-de-la-filiere-vin\/\" \/>\n<meta property=\"og:locale\" content=\"fr_FR\" \/>\n<meta property=\"og:type\" content=\"article\" \/>\n<meta property=\"og:title\" content=\"L\u2019avenir de la fili\u00e8re vin - Lien de la vigne - Vinelink International\" \/>\n<meta property=\"og:description\" content=\"Strat\u00e9gies d\u2019adaptation \u00e0 la nouvelle donne mondiale Assembl\u00e9e G\u00e9n\u00e9rale du 12 Mars 2010 Assembl\u00e9e G\u00e9n\u00e9rale 2010 Assembl\u00e9e G\u00e9n\u00e9rale 2010 Conseil d&rsquo;Administration 2010 1\u00e8re PARTIE : Principaux param\u00e8tres d\u2019\u00e9volution du m\u00e9tier au cours des prochaines d\u00e9cennies PRODUCTION : \u00c9volution pr\u00e9visible des...\" \/>\n<meta property=\"og:url\" content=\"https:\/\/www.liendelavigne.org\/fr\/event\/lavenir-de-la-filiere-vin\/\" \/>\n<meta property=\"og:site_name\" content=\"Lien de la vigne - Vinelink International\" \/>\n<meta property=\"article:modified_time\" content=\"2020-11-26T15:14:30+00:00\" \/>\n<meta property=\"og:image\" content=\"https:\/\/www.liendelavigne.org\/wp-content\/uploads\/2020\/08\/wine_industry.jpg\" \/>\n\t<meta property=\"og:image:width\" content=\"1920\" \/>\n\t<meta property=\"og:image:height\" content=\"1280\" \/>\n<meta name=\"twitter:card\" content=\"summary_large_image\" \/>\n<meta name=\"twitter:label1\" content=\"\u00c9crit par\">\n\t<meta name=\"twitter:data1\" content=\"Nawaaz\">\n\t<meta name=\"twitter:label2\" content=\"Dur\u00e9e de lecture est.\">\n\t<meta name=\"twitter:data2\" content=\"1 minute\">\n<script type=\"application\/ld+json\" class=\"yoast-schema-graph\">{\"@context\":\"https:\/\/schema.org\",\"@graph\":[{\"@type\":\"Organization\",\"@id\":\"https:\/\/www.liendelavigne.org\/fr\/#organization\",\"name\":\"Vinelink\",\"url\":\"https:\/\/www.liendelavigne.org\/fr\/\",\"sameAs\":[],\"logo\":{\"@type\":\"ImageObject\",\"@id\":\"https:\/\/www.liendelavigne.org\/fr\/#logo\",\"inLanguage\":\"fr-FR\",\"url\":\"https:\/\/www.liendelavigne.org\/wp-content\/uploads\/2020\/08\/vinelink_logo.png\",\"width\":2550,\"height\":1579,\"caption\":\"Vinelink\"},\"image\":{\"@id\":\"https:\/\/www.liendelavigne.org\/fr\/#logo\"}},{\"@type\":\"WebSite\",\"@id\":\"https:\/\/www.liendelavigne.org\/fr\/#website\",\"url\":\"https:\/\/www.liendelavigne.org\/fr\/\",\"name\":\"Lien de la vigne - Vinelink International\",\"description\":\"Innovations dans la fili\\u00e8re vininternationale\",\"publisher\":{\"@id\":\"https:\/\/www.liendelavigne.org\/fr\/#organization\"},\"potentialAction\":[{\"@type\":\"SearchAction\",\"target\":\"https:\/\/www.liendelavigne.org\/fr\/?s={search_term_string}\",\"query-input\":\"required name=search_term_string\"}],\"inLanguage\":\"fr-FR\"},{\"@type\":\"ImageObject\",\"@id\":\"https:\/\/www.liendelavigne.org\/fr\/event\/lavenir-de-la-filiere-vin\/#primaryimage\",\"inLanguage\":\"fr-FR\",\"url\":\"https:\/\/www.liendelavigne.org\/wp-content\/uploads\/2020\/08\/wine_industry.jpg\",\"width\":1920,\"height\":1280},{\"@type\":\"WebPage\",\"@id\":\"https:\/\/www.liendelavigne.org\/fr\/event\/lavenir-de-la-filiere-vin\/#webpage\",\"url\":\"https:\/\/www.liendelavigne.org\/fr\/event\/lavenir-de-la-filiere-vin\/\",\"name\":\"L\\u2019avenir de la fili\\u00e8re vin - Lien de la vigne - Vinelink International\",\"isPartOf\":{\"@id\":\"https:\/\/www.liendelavigne.org\/fr\/#website\"},\"primaryImageOfPage\":{\"@id\":\"https:\/\/www.liendelavigne.org\/fr\/event\/lavenir-de-la-filiere-vin\/#primaryimage\"},\"datePublished\":\"2020-08-12T13:12:41+00:00\",\"dateModified\":\"2020-11-26T15:14:30+00:00\",\"inLanguage\":\"fr-FR\",\"potentialAction\":[{\"@type\":\"ReadAction\",\"target\":[\"https:\/\/www.liendelavigne.org\/fr\/event\/lavenir-de-la-filiere-vin\/\"]}]}]}<\/script>\n<!-- \/ Yoast SEO plugin. -->","_links":{"self":[{"href":"https:\/\/www.liendelavigne.org\/fr\/wp-json\/wp\/v2\/event\/3243"}],"collection":[{"href":"https:\/\/www.liendelavigne.org\/fr\/wp-json\/wp\/v2\/event"}],"about":[{"href":"https:\/\/www.liendelavigne.org\/fr\/wp-json\/wp\/v2\/types\/event"}],"author":[{"embeddable":true,"href":"https:\/\/www.liendelavigne.org\/fr\/wp-json\/wp\/v2\/users\/2"}],"replies":[{"embeddable":true,"href":"https:\/\/www.liendelavigne.org\/fr\/wp-json\/wp\/v2\/comments?post=3243"}],"version-history":[{"count":7,"href":"https:\/\/www.liendelavigne.org\/fr\/wp-json\/wp\/v2\/event\/3243\/revisions"}],"predecessor-version":[{"id":4615,"href":"https:\/\/www.liendelavigne.org\/fr\/wp-json\/wp\/v2\/event\/3243\/revisions\/4615"}],"wp:featuredmedia":[{"embeddable":true,"href":"https:\/\/www.liendelavigne.org\/fr\/wp-json\/wp\/v2\/media\/3917"}],"wp:attachment":[{"href":"https:\/\/www.liendelavigne.org\/fr\/wp-json\/wp\/v2\/media?parent=3243"}],"wp:term":[{"taxonomy":"eventcat","embeddable":true,"href":"https:\/\/www.liendelavigne.org\/fr\/wp-json\/wp\/v2\/eventcat?post=3243"},{"taxonomy":"organizer","embeddable":true,"href":"https:\/\/www.liendelavigne.org\/fr\/wp-json\/wp\/v2\/organizer?post=3243"},{"taxonomy":"event_tags","embeddable":true,"href":"https:\/\/www.liendelavigne.org\/fr\/wp-json\/wp\/v2\/event_tags?post=3243"},{"taxonomy":"location","embeddable":true,"href":"https:\/\/www.liendelavigne.org\/fr\/wp-json\/wp\/v2\/location?post=3243"}],"curies":[{"name":"wp","href":"https:\/\/api.w.org\/{rel}","templated":true}]}}